{"version":"1.0","provider_name":"Kelheim Tourism","provider_url":"https:\/\/tourismus.kelheim.de\/en","author_name":"Daniel Hilger","author_url":"https:\/\/tourismus.kelheim.de\/en\/author\/infocosmema-de\/","title":"Sonderausstellung - Kelheim Tourismus","type":"rich","width":600,"height":338,"html":"<blockquote class=\"wp-embedded-content\" data-secret=\"EfzE4fIouJ\"><a href=\"https:\/\/tourismus.kelheim.de\/en\/archaeologisches-museum\/ausstellungen\/sonderausstellung\/\">Special exhibition<\/a><\/blockquote><iframe sandbox=\"allow-scripts\" security=\"restricted\" src=\"https:\/\/tourismus.kelheim.de\/en\/archaeologisches-museum\/ausstellungen\/sonderausstellung\/embed\/#?secret=EfzE4fIouJ\" width=\"600\" height=\"338\" title=\"&quot;Special exhibition&quot; - Kelheim Tourismus\" data-secret=\"EfzE4fIouJ\" frameborder=\"0\" marginwidth=\"0\" marginheight=\"0\" scrolling=\"no\" class=\"wp-embedded-content\"><\/iframe><script>\n\/*! This file is auto-generated *\/\n!function(d,l){\"use strict\";l.querySelector&&d.addEventListener&&\"undefined\"!=typeof URL&&(d.wp=d.wp||{},d.wp.receiveEmbedMessage||(d.wp.receiveEmbedMessage=function(e){var t=e.data;if((t||t.secret||t.message||t.value)&&!\/[^a-zA-Z0-9]\/.test(t.secret)){for(var s,r,n,a=l.querySelectorAll('iframe[data-secret=\"'+t.secret+'\"]'),o=l.querySelectorAll('blockquote[data-secret=\"'+t.secret+'\"]'),c=new RegExp(\"^https?:$\",\"i\"),i=0;i<o.length;i++)o[i].style.display=\"none\";for(i=0;i<a.length;i++)s=a[i],e.source===s.contentWindow&&(s.removeAttribute(\"style\"),\"height\"===t.message?(1e3<(r=parseInt(t.value,10))?r=1e3:~~r<200&&(r=200),s.height=r):\"link\"===t.message&&(r=new URL(s.getAttribute(\"src\")),n=new URL(t.value),c.test(n.protocol))&&n.host===r.host&&l.activeElement===s&&(d.top.location.href=t.value))}},d.addEventListener(\"message\",d.wp.receiveEmbedMessage,!1),l.addEventListener(\"DOMContentLoaded\",function(){for(var e,t,s=l.querySelectorAll(\"iframe.wp-embedded-content\"),r=0;r<s.length;r++)(t=(e=s[r]).getAttribute(\"data-secret\"))||(t=Math.random().toString(36).substring(2,12),e.src+=\"#?secret=\"+t,e.setAttribute(\"data-secret\",t)),e.contentWindow.postMessage({message:\"ready\",secret:t},\"*\")},!1)))}(window,document);\n\/\/# sourceURL=https:\/\/tourismus.kelheim.de\/wp-includes\/js\/wp-embed.min.js\n<\/script>","thumbnail_url":"https:\/\/tourismus.kelheim.de\/wp-content\/uploads\/2025\/12\/17782309_dscn1426.jpg","thumbnail_width":675,"thumbnail_height":900,"description":"\u201eOba heit is\u2018 kalt \u2013 Sch\u00e4fflertanz Kelheim\u201c Sonderausstellung, 21. November 2025 \u2013 12. April 2026 \u201eDie Sch\u00e4ffler tanzen wieder!\u201c Diese freudige Nachricht wird in regelm\u00e4\u00dfigen Abst\u00e4nden von sieben Jahren verk\u00fcndet. Die Auff\u00fchrung des Sch\u00e4fflertanzes seit dessen Ursprung im Jahr 1517 ist stets von heiterer und hoffnungsvoller Stimmung gepr\u00e4gt. Der Tanz entstand in der Zeit, in [&hellip;]"}