{"id":49969,"date":"2025-07-02T22:43:59","date_gmt":"2025-07-02T20:43:59","guid":{"rendered":"https:\/\/tourismus.kelheim.de\/fuhrungen\/sylvia-kuehnl\/"},"modified":"2025-10-31T13:49:14","modified_gmt":"2025-10-31T12:49:14","slug":"sylvia-kuehnl","status":"publish","type":"fuhrungen","link":"https:\/\/tourismus.kelheim.de\/en\/fuhrungen\/sylvia-kuehnl\/","title":{"rendered":"Mrs. K\u00fchnl"},"content":{"rendered":"","protected":false},"featured_media":49970,"parent":0,"template":"","meta":{"ansprechpartner":"","adresse_meta":"","adresse_koordinaten":"","telefon_meta":"09441 701-234","telefon_2_meta":"","email_meta":"tourismus@kelheim.de","email_2_meta":"","fax_meta":"","website_meta":"","kurzbeschreibung_meta":"","unterueberschrift_meta":"<p class=\"animateIn\" data-scroll=\"\"><strong>Sprache(n):\u00a0<\/strong>Deutsch<\/p>\n<p class=\"animateIn\" data-scroll=\"\"><strong>Muttersprache(n):\u00a0<\/strong>Deutsch<\/p>\n<p class=\"animateIn\" data-scroll=\"\"><strong>Beruf:\u00a0<\/strong>Lehrerin<\/p>\n<p class=\"animateIn\" data-scroll=\"\"><strong>Geburtsjahr:\u00a0<\/strong>1968<\/p>\n<p class=\"animateIn\" data-scroll=\"\"><strong>G\u00e4stef\u00fchrer seit:\u00a0<\/strong>2011<\/p>\n","beschreibung_meta":"<p>Erleben Sie mit mir die faszinierende und unterhaltsame Geschichte des Altm\u00fchl- und Donautales. Lernen Sie die urt\u00fcmliche Karstlandschaft des bayerischen Jura, den arch\u00e4ologischen Reichtum sowie die zahlreichen Spuren keltischer und r\u00f6mischer Besiedlung unserer Region kennen. Erfahren Sie auf meinen F\u00fchrungen mehr \u00fcber die gro\u00dfe Bedeutung der Wittelsbacher, besonders K\u00f6nig Ludwig I. und \u00fcber die bayerische Barock- und Biertradition. Ich biete Ihnen abwechslungsreiche F\u00fchrungen durch die Altstadt Kelheims, die Befreiungshalle, den Saaler KZ-Gedenkweg und den Keltenwall auf dem Ringberg bei Saal a. d. Donau an. Gerne helfe ich Ihnen bei der Planung von Halbtages- oder Tagestouren im Naturpark Altm\u00fchltal, dem Kelheimer und Regensburger Raum.<\/p>\n","weitere-informationen":"","preise_meta":"","oeffnungszeiten_meta":"","lage_meta":"","kontaktperson_meta":"Tourist-Information Stadt Kelheim","anfahrt_beschreibung_meta":"","anfahrt_pdf_meta":"","audioclip_meta":"","audiolink_meta":"","fuehrungsangebot_meta":"","datum_meta":0,"enddatum_meta":0,"uhrzeit_meta":"","datei_meta":"","optionaler_datei_name":"","externer_link_meta":"","optionaler_link_name":"","jetzt_buchen":"","buchen_link_meta":"","buchen_link_meta_copy":"","buchungsformular_anzeigen":"true","ort_meta":"","galerie_meta":[]},"fuhrungen-kategorie":[1030],"class_list":["post-49969","fuhrungen","type-fuhrungen","status-publish","has-post-thumbnail","hentry","fuhrungen-kategorie-gaestefuehrer"],"yoast_head":"<!-- This site is optimized with the Yoast SEO plugin v26.9 - https:\/\/yoast.com\/product\/yoast-seo-wordpress\/ -->\n<title>Frau K\u00fchnl - Kelheim Tourismus<\/title>\n<meta name=\"robots\" content=\"index, follow, max-snippet:-1, max-image-preview:large, max-video-preview:-1\" \/>\n<link rel=\"canonical\" href=\"https:\/\/tourismus.kelheim.de\/en\/fuhrungen\/sylvia-kuehnl\/\" \/>\n<meta property=\"og:locale\" content=\"en_US\" \/>\n<meta property=\"og:type\" content=\"article\" \/>\n<meta property=\"og:title\" content=\"Frau K\u00fchnl - Kelheim Tourismus\" \/>\n<meta property=\"og:url\" content=\"https:\/\/tourismus.kelheim.de\/en\/fuhrungen\/sylvia-kuehnl\/\" \/>\n<meta property=\"og:site_name\" content=\"Kelheim Tourismus\" \/>\n<meta property=\"article:modified_time\" content=\"2025-10-31T12:49:14+00:00\" \/>\n<meta property=\"og:image\" content=\"https:\/\/tourismus.kelheim.de\/wp-content\/uploads\/2025\/07\/10673357_sylvia-kuehnl-mit-sammy.jpg\" \/>\n\t<meta property=\"og:image:width\" content=\"550\" \/>\n\t<meta property=\"og:image:height\" content=\"370\" \/>\n\t<meta property=\"og:image:type\" content=\"image\/jpeg\" \/>\n<meta name=\"twitter:card\" content=\"summary_large_image\" \/>\n<meta name=\"twitter:label1\" content=\"Est. reading time\" \/>\n\t<meta name=\"twitter:data1\" content=\"1 minute\" \/>\n<script type=\"application\/ld+json\" class=\"yoast-schema-graph\">{\"@context\":\"https:\/\/schema.org\",\"@graph\":[{\"@type\":\"WebPage\",\"@id\":\"https:\/\/tourismus.kelheim.de\/fuhrungen\/sylvia-kuehnl\/\",\"url\":\"https:\/\/tourismus.kelheim.de\/fuhrungen\/sylvia-kuehnl\/\",\"name\":\"Frau K\u00fchnl - Kelheim Tourismus\",\"isPartOf\":{\"@id\":\"https:\/\/tourismus.kelheim.de\/#website\"},\"primaryImageOfPage\":{\"@id\":\"https:\/\/tourismus.kelheim.de\/fuhrungen\/sylvia-kuehnl\/#primaryimage\"},\"image\":{\"@id\":\"https:\/\/tourismus.kelheim.de\/fuhrungen\/sylvia-kuehnl\/#primaryimage\"},\"thumbnailUrl\":\"https:\/\/tourismus.kelheim.de\/wp-content\/uploads\/2025\/07\/10673357_sylvia-kuehnl-mit-sammy.jpg\",\"datePublished\":\"2025-07-02T20:43:59+00:00\",\"dateModified\":\"2025-10-31T12:49:14+00:00\",\"breadcrumb\":{\"@id\":\"https:\/\/tourismus.kelheim.de\/fuhrungen\/sylvia-kuehnl\/#breadcrumb\"},\"inLanguage\":\"en-US\",\"potentialAction\":[{\"@type\":\"ReadAction\",\"target\":[\"https:\/\/tourismus.kelheim.de\/fuhrungen\/sylvia-kuehnl\/\"]}]},{\"@type\":\"ImageObject\",\"inLanguage\":\"en-US\",\"@id\":\"https:\/\/tourismus.kelheim.de\/fuhrungen\/sylvia-kuehnl\/#primaryimage\",\"url\":\"https:\/\/tourismus.kelheim.de\/wp-content\/uploads\/2025\/07\/10673357_sylvia-kuehnl-mit-sammy.jpg\",\"contentUrl\":\"https:\/\/tourismus.kelheim.de\/wp-content\/uploads\/2025\/07\/10673357_sylvia-kuehnl-mit-sammy.jpg\",\"width\":550,\"height\":370},{\"@type\":\"BreadcrumbList\",\"@id\":\"https:\/\/tourismus.kelheim.de\/fuhrungen\/sylvia-kuehnl\/#breadcrumb\",\"itemListElement\":[{\"@type\":\"ListItem\",\"position\":1,\"name\":\"Startseite\",\"item\":\"https:\/\/tourismus.kelheim.de\/\"},{\"@type\":\"ListItem\",\"position\":2,\"name\":\"Frau K\u00fchnl\"}]},{\"@type\":\"WebSite\",\"@id\":\"https:\/\/tourismus.kelheim.de\/#website\",\"url\":\"https:\/\/tourismus.kelheim.de\/\",\"name\":\"Kelheim Tourismus\",\"description\":\"Wir freuen uns \u00fcber Ihren Besuch auf unserer Website.\",\"publisher\":{\"@id\":\"https:\/\/tourismus.kelheim.de\/#organization\"},\"potentialAction\":[{\"@type\":\"SearchAction\",\"target\":{\"@type\":\"EntryPoint\",\"urlTemplate\":\"https:\/\/tourismus.kelheim.de\/?s={search_term_string}\"},\"query-input\":{\"@type\":\"PropertyValueSpecification\",\"valueRequired\":true,\"valueName\":\"search_term_string\"}}],\"inLanguage\":\"en-US\"},{\"@type\":\"Organization\",\"@id\":\"https:\/\/tourismus.kelheim.de\/#organization\",\"name\":\"Kelheim Tourismus\",\"url\":\"https:\/\/tourismus.kelheim.de\/\",\"logo\":{\"@type\":\"ImageObject\",\"inLanguage\":\"en-US\",\"@id\":\"https:\/\/tourismus.kelheim.de\/#\/schema\/logo\/image\/\",\"url\":\"\",\"contentUrl\":\"\",\"caption\":\"Kelheim Tourismus\"},\"image\":{\"@id\":\"https:\/\/tourismus.kelheim.de\/#\/schema\/logo\/image\/\"}}]}<\/script>\n<!-- \/ Yoast SEO plugin. -->","yoast_head_json":{"title":"Mrs. K\u00fchnl - Kelheim Tourism","robots":{"index":"index","follow":"follow","max-snippet":"max-snippet:-1","max-image-preview":"max-image-preview:large","max-video-preview":"max-video-preview:-1"},"canonical":"https:\/\/tourismus.kelheim.de\/en\/fuhrungen\/sylvia-kuehnl\/","og_locale":"en_US","og_type":"article","og_title":"Frau K\u00fchnl - Kelheim Tourismus","og_url":"https:\/\/tourismus.kelheim.de\/en\/fuhrungen\/sylvia-kuehnl\/","og_site_name":"Kelheim Tourismus","article_modified_time":"2025-10-31T12:49:14+00:00","og_image":[{"width":550,"height":370,"url":"https:\/\/tourismus.kelheim.de\/wp-content\/uploads\/2025\/07\/10673357_sylvia-kuehnl-mit-sammy.jpg","type":"image\/jpeg"}],"twitter_card":"summary_large_image","twitter_misc":{"Est. reading time":"1 minute"},"schema":{"@context":"https:\/\/schema.org","@graph":[{"@type":"WebPage","@id":"https:\/\/tourismus.kelheim.de\/fuhrungen\/sylvia-kuehnl\/","url":"https:\/\/tourismus.kelheim.de\/fuhrungen\/sylvia-kuehnl\/","name":"Mrs. K\u00fchnl - Kelheim Tourism","isPartOf":{"@id":"https:\/\/tourismus.kelheim.de\/#website"},"primaryImageOfPage":{"@id":"https:\/\/tourismus.kelheim.de\/fuhrungen\/sylvia-kuehnl\/#primaryimage"},"image":{"@id":"https:\/\/tourismus.kelheim.de\/fuhrungen\/sylvia-kuehnl\/#primaryimage"},"thumbnailUrl":"https:\/\/tourismus.kelheim.de\/wp-content\/uploads\/2025\/07\/10673357_sylvia-kuehnl-mit-sammy.jpg","datePublished":"2025-07-02T20:43:59+00:00","dateModified":"2025-10-31T12:49:14+00:00","breadcrumb":{"@id":"https:\/\/tourismus.kelheim.de\/fuhrungen\/sylvia-kuehnl\/#breadcrumb"},"inLanguage":"en-US","potentialAction":[{"@type":"ReadAction","target":["https:\/\/tourismus.kelheim.de\/fuhrungen\/sylvia-kuehnl\/"]}]},{"@type":"ImageObject","inLanguage":"en-US","@id":"https:\/\/tourismus.kelheim.de\/fuhrungen\/sylvia-kuehnl\/#primaryimage","url":"https:\/\/tourismus.kelheim.de\/wp-content\/uploads\/2025\/07\/10673357_sylvia-kuehnl-mit-sammy.jpg","contentUrl":"https:\/\/tourismus.kelheim.de\/wp-content\/uploads\/2025\/07\/10673357_sylvia-kuehnl-mit-sammy.jpg","width":550,"height":370},{"@type":"BreadcrumbList","@id":"https:\/\/tourismus.kelheim.de\/fuhrungen\/sylvia-kuehnl\/#breadcrumb","itemListElement":[{"@type":"ListItem","position":1,"name":"Startseite","item":"https:\/\/tourismus.kelheim.de\/"},{"@type":"ListItem","position":2,"name":"Frau K\u00fchnl"}]},{"@type":"WebSite","@id":"https:\/\/tourismus.kelheim.de\/#website","url":"https:\/\/tourismus.kelheim.de\/","name":"Kelheim Tourism","description":"We look forward to your visit to our website.","publisher":{"@id":"https:\/\/tourismus.kelheim.de\/#organization"},"potentialAction":[{"@type":"SearchAction","target":{"@type":"EntryPoint","urlTemplate":"https:\/\/tourismus.kelheim.de\/?s={search_term_string}"},"query-input":{"@type":"PropertyValueSpecification","valueRequired":true,"valueName":"search_term_string"}}],"inLanguage":"en-US"},{"@type":"Organization","@id":"https:\/\/tourismus.kelheim.de\/#organization","name":"Kelheim Tourism","url":"https:\/\/tourismus.kelheim.de\/","logo":{"@type":"ImageObject","inLanguage":"en-US","@id":"https:\/\/tourismus.kelheim.de\/#\/schema\/logo\/image\/","url":"","contentUrl":"","caption":"Kelheim Tourismus"},"image":{"@id":"https:\/\/tourismus.kelheim.de\/#\/schema\/logo\/image\/"}}]}},"_links":{"self":[{"href":"https:\/\/tourismus.kelheim.de\/en\/wp-json\/wp\/v2\/fuhrungen\/49969","targetHints":{"allow":["GET"]}}],"collection":[{"href":"https:\/\/tourismus.kelheim.de\/en\/wp-json\/wp\/v2\/fuhrungen"}],"about":[{"href":"https:\/\/tourismus.kelheim.de\/en\/wp-json\/wp\/v2\/types\/fuhrungen"}],"wp:featuredmedia":[{"embeddable":true,"href":"https:\/\/tourismus.kelheim.de\/en\/wp-json\/wp\/v2\/media\/49970"}],"wp:attachment":[{"href":"https:\/\/tourismus.kelheim.de\/en\/wp-json\/wp\/v2\/media?parent=49969"}],"wp:term":[{"taxonomy":"fuhrungen-kategorie","embeddable":true,"href":"https:\/\/tourismus.kelheim.de\/en\/wp-json\/wp\/v2\/fuhrungen-kategorie?post=49969"}],"curies":[{"name":"wp","href":"https:\/\/api.w.org\/{rel}","templated":true}]}}