{"id":51836,"date":"2025-09-10T15:00:08","date_gmt":"2025-09-10T13:00:08","guid":{"rendered":"https:\/\/tourismus.kelheim.de\/?page_id=51836"},"modified":"2026-01-30T09:18:34","modified_gmt":"2026-01-30T08:18:34","slug":"ausstellungen","status":"publish","type":"page","link":"https:\/\/tourismus.kelheim.de\/en\/archaeologisches-museum\/ausstellungen\/","title":{"rendered":"Exhibitions"},"content":{"rendered":"<div data-elementor-type=\"wp-page\" data-elementor-id=\"51836\" class=\"elementor elementor-51836\" data-elementor-post-type=\"page\">\n\t\t\t\t<div class=\"elementor-element elementor-element-623bdc4 elementor-repeater-item-ang_container_padding_7 e-flex e-con-boxed sk-none elementor-repeater-item-none elementor-repeater-item-none_hover e-con e-parent\" data-id=\"623bdc4\" data-element_type=\"container\" data-e-type=\"container\" data-settings=\"{&quot;ang_container_spacing_size&quot;:&quot;ang_container_padding_7&quot;,&quot;background_background&quot;:&quot;classic&quot;,&quot;jet_parallax_layout_list&quot;:[]}\">\n\t\t\t\t\t<div class=\"e-con-inner\">\n\t\t\t\t<div class=\"elementor-element elementor-element-d44c84c elementor-widget__width-inherit elementor-repeater-item-none elementor-repeater-item-none_hover elementor-widget elementor-widget-heading\" data-id=\"d44c84c\" data-element_type=\"widget\" data-e-type=\"widget\" data-widget_type=\"heading.default\">\n\t\t\t\t<div class=\"elementor-widget-container\">\n\t\t\t\t\t<h2 class=\"elementor-heading-title elementor-size-default\">Our exhibitions<\/h2>\t\t\t\t<\/div>\n\t\t\t\t<\/div>\n\t\t<a class=\"elementor-element elementor-element-ecb3db0 e-con-full e-transform e-flex elementor-repeater-item-default_padding elementor-repeater-item-none elementor-repeater-item-none_hover e-con e-child\" data-id=\"ecb3db0\" data-element_type=\"container\" data-e-type=\"container\" data-settings=\"{&quot;jet_parallax_layout_list&quot;:[],&quot;_transform_scale_effect_hover&quot;:{&quot;unit&quot;:&quot;px&quot;,&quot;size&quot;:1.015,&quot;sizes&quot;:[]},&quot;ang_container_spacing_size&quot;:&quot;default_padding&quot;,&quot;_transform_scale_effect_hover_tablet&quot;:{&quot;unit&quot;:&quot;px&quot;,&quot;size&quot;:&quot;&quot;,&quot;sizes&quot;:[]},&quot;_transform_scale_effect_hover_mobile&quot;:{&quot;unit&quot;:&quot;px&quot;,&quot;size&quot;:&quot;&quot;,&quot;sizes&quot;:[]}}\" href=\"\/en\/archaeologisches-museum\/ausstellungen\/dauerausstellung\/\">\n\t\t\t\t<div class=\"elementor-element elementor-element-e15a77b external_elementor-repeater-item-none_external elementor-repeater-item-none elementor-repeater-item-none_hover elementor-widget elementor-widget-image\" data-id=\"e15a77b\" data-element_type=\"widget\" data-e-type=\"widget\" data-widget_type=\"image.default\">\n\t\t\t\t<div class=\"elementor-widget-container\">\n\t\t\t\t\t\t\t\t\t\t\t\t\t\t\t<img fetchpriority=\"high\" decoding=\"async\" width=\"800\" height=\"533\" src=\"https:\/\/tourismus.kelheim.de\/wp-content\/uploads\/2026\/01\/Mitte-1024x682.jpg\" class=\"attachment-large size-large wp-image-53808\" alt=\"\" srcset=\"https:\/\/tourismus.kelheim.de\/wp-content\/uploads\/2026\/01\/Mitte-1024x682.jpg 1024w, https:\/\/tourismus.kelheim.de\/wp-content\/uploads\/2026\/01\/Mitte-300x200.jpg 300w, https:\/\/tourismus.kelheim.de\/wp-content\/uploads\/2026\/01\/Mitte-768x512.jpg 768w, https:\/\/tourismus.kelheim.de\/wp-content\/uploads\/2026\/01\/Mitte-1536x1024.jpg 1536w, https:\/\/tourismus.kelheim.de\/wp-content\/uploads\/2026\/01\/Mitte-18x12.jpg 18w, https:\/\/tourismus.kelheim.de\/wp-content\/uploads\/2026\/01\/Mitte.jpg 1748w\" sizes=\"(max-width: 800px) 100vw, 800px\" \/>\t\t\t\t\t\t\t\t\t\t\t\t\t\t\t<\/div>\n\t\t\t\t<\/div>\n\t\t<div class=\"elementor-element elementor-element-fba6298 e-con-full elementor-repeater-item-ang_container_padding_4 e-flex sk-none elementor-repeater-item-none elementor-repeater-item-none_hover e-con e-child\" data-id=\"fba6298\" data-element_type=\"container\" data-e-type=\"container\" data-settings=\"{&quot;ang_container_spacing_size&quot;:&quot;ang_container_padding_4&quot;,&quot;background_background&quot;:&quot;classic&quot;,&quot;jet_parallax_layout_list&quot;:[]}\">\n\t\t\t\t<div class=\"elementor-element elementor-element-33065a4 elementor-repeater-item-none elementor-repeater-item-none_hover elementor-widget elementor-widget-heading\" data-id=\"33065a4\" data-element_type=\"widget\" data-e-type=\"widget\" data-widget_type=\"heading.default\">\n\t\t\t\t<div class=\"elementor-widget-container\">\n\t\t\t\t\t<h4 class=\"elementor-heading-title elementor-size-default\">Archaeology &amp; city history<\/h4>\t\t\t\t<\/div>\n\t\t\t\t<\/div>\n\t\t\t\t<div class=\"elementor-element elementor-element-eb11f37 elementor-repeater-item-none elementor-repeater-item-none_hover elementor-widget elementor-widget-text-editor\" data-id=\"eb11f37\" data-element_type=\"widget\" data-e-type=\"widget\" data-widget_type=\"text-editor.default\">\n\t\t\t\t<div class=\"elementor-widget-container\">\n\t\t\t\t\t\t\t\t\t<p>Permanent exhibition<\/p>\t\t\t\t\t\t\t\t<\/div>\n\t\t\t\t<\/div>\n\t\t\t\t<\/div>\n\t\t\t\t<\/a>\n\t\t<a class=\"elementor-element elementor-element-dc7511f e-con-full elementor-repeater-item-none_hover e-transform e-flex elementor-repeater-item-default_padding elementor-repeater-item-none e-con e-child\" data-id=\"dc7511f\" data-element_type=\"container\" data-e-type=\"container\" data-settings=\"{&quot;jet_parallax_layout_list&quot;:[],&quot;_transform_scale_effect_hover&quot;:{&quot;unit&quot;:&quot;px&quot;,&quot;size&quot;:1.015,&quot;sizes&quot;:[]},&quot;ang_container_spacing_size&quot;:&quot;default_padding&quot;,&quot;_transform_scale_effect_hover_tablet&quot;:{&quot;unit&quot;:&quot;px&quot;,&quot;size&quot;:&quot;&quot;,&quot;sizes&quot;:[]},&quot;_transform_scale_effect_hover_mobile&quot;:{&quot;unit&quot;:&quot;px&quot;,&quot;size&quot;:&quot;&quot;,&quot;sizes&quot;:[]}}\" href=\"\/en\/archaeologisches-museum\/ausstellungen\/sonderausstellung\/\">\n\t\t\t\t<div class=\"elementor-element elementor-element-d7f4be5 external_elementor-repeater-item-none_external elementor-repeater-item-none elementor-repeater-item-none_hover elementor-widget elementor-widget-image\" data-id=\"d7f4be5\" data-element_type=\"widget\" data-e-type=\"widget\" data-widget_type=\"image.default\">\n\t\t\t\t<div class=\"elementor-widget-container\">\n\t\t\t\t\t\t\t\t\t\t\t\t\t\t\t<img decoding=\"async\" width=\"675\" height=\"900\" src=\"https:\/\/tourismus.kelheim.de\/wp-content\/uploads\/2025\/12\/17782309_dscn1426.jpg\" class=\"attachment-large size-large wp-image-53426\" alt=\"\" srcset=\"https:\/\/tourismus.kelheim.de\/wp-content\/uploads\/2025\/12\/17782309_dscn1426.jpg 675w, https:\/\/tourismus.kelheim.de\/wp-content\/uploads\/2025\/12\/17782309_dscn1426-225x300.jpg 225w, https:\/\/tourismus.kelheim.de\/wp-content\/uploads\/2025\/12\/17782309_dscn1426-9x12.jpg 9w\" sizes=\"(max-width: 675px) 100vw, 675px\" \/>\t\t\t\t\t\t\t\t\t\t\t\t\t\t\t<\/div>\n\t\t\t\t<\/div>\n\t\t<div class=\"elementor-element elementor-element-8e430f0 e-con-full elementor-repeater-item-ang_container_padding_4 elementor-repeater-item-none_hover e-flex sk-none elementor-repeater-item-none e-con e-child\" data-id=\"8e430f0\" data-element_type=\"container\" data-e-type=\"container\" data-settings=\"{&quot;ang_container_spacing_size&quot;:&quot;ang_container_padding_4&quot;,&quot;background_background&quot;:&quot;classic&quot;,&quot;jet_parallax_layout_list&quot;:[]}\">\n\t\t\t\t<div class=\"elementor-element elementor-element-4afc405 elementor-repeater-item-none elementor-repeater-item-none_hover elementor-widget elementor-widget-heading\" data-id=\"4afc405\" data-element_type=\"widget\" data-e-type=\"widget\" data-widget_type=\"heading.default\">\n\t\t\t\t<div class=\"elementor-widget-container\">\n\t\t\t\t\t<h4 class=\"elementor-heading-title elementor-size-default\">\"Oba heit is'kalt - Sch\u00e4fflertanz Kelheim\"\n<\/h4>\t\t\t\t<\/div>\n\t\t\t\t<\/div>\n\t\t\t\t<div class=\"elementor-element elementor-element-dab3d18 elementor-repeater-item-none elementor-repeater-item-none_hover elementor-widget elementor-widget-text-editor\" data-id=\"dab3d18\" data-element_type=\"widget\" data-e-type=\"widget\" data-widget_type=\"text-editor.default\">\n\t\t\t\t<div class=\"elementor-widget-container\">\n\t\t\t\t\t\t\t\t\t<p>Special exhibition<\/p>\t\t\t\t\t\t\t\t<\/div>\n\t\t\t\t<\/div>\n\t\t\t\t<\/div>\n\t\t<div class=\"elementor-element elementor-element-6a67208 e-con-full elementor-repeater-item-none_hover e-flex elementor-repeater-item-default_padding sk-none elementor-repeater-item-none e-con e-child\" data-id=\"6a67208\" data-element_type=\"container\" data-e-type=\"container\" data-settings=\"{&quot;background_background&quot;:&quot;classic&quot;,&quot;position&quot;:&quot;absolute&quot;,&quot;jet_parallax_layout_list&quot;:[],&quot;ang_container_spacing_size&quot;:&quot;default_padding&quot;}\">\n\t\t\t\t<div class=\"elementor-element elementor-element-d18665a elementor-repeater-item-none elementor-repeater-item-none_hover elementor-widget elementor-widget-text-editor\" data-id=\"d18665a\" data-element_type=\"widget\" data-e-type=\"widget\" data-widget_type=\"text-editor.default\">\n\t\t\t\t<div class=\"elementor-widget-container\">\n\t\t\t\t\t\t\t\t\t<p>November 11, 2025 - April 12, 2026<\/p>\t\t\t\t\t\t\t\t<\/div>\n\t\t\t\t<\/div>\n\t\t\t\t<\/div>\n\t\t\t\t<\/a>\n\t\t<div class=\"elementor-element elementor-element-dcff268 e-con-full elementor-hidden-desktop elementor-hidden-tablet elementor-hidden-mobile e-flex elementor-repeater-item-default_padding elementor-repeater-item-none elementor-repeater-item-none_hover e-con e-child\" data-id=\"dcff268\" data-element_type=\"container\" data-e-type=\"container\" data-settings=\"{&quot;jet_parallax_layout_list&quot;:[],&quot;ang_container_spacing_size&quot;:&quot;default_padding&quot;}\">\n\t\t<a class=\"elementor-element elementor-element-6289cad e-con-full elementor-repeater-item-ang_container_padding_11 e-transform e-flex sk-none elementor-repeater-item-none elementor-repeater-item-none_hover elementor-invisible e-con e-child\" data-id=\"6289cad\" data-element_type=\"container\" data-e-type=\"container\" data-settings=\"{&quot;background_background&quot;:&quot;classic&quot;,&quot;jet_parallax_layout_list&quot;:[],&quot;ang_container_spacing_size&quot;:&quot;ang_container_padding_11&quot;,&quot;_transform_scale_effect_hover&quot;:{&quot;unit&quot;:&quot;px&quot;,&quot;size&quot;:1.05,&quot;sizes&quot;:[]},&quot;animation&quot;:&quot;fadeIn&quot;,&quot;_transform_scale_effect_hover_tablet&quot;:{&quot;unit&quot;:&quot;px&quot;,&quot;size&quot;:&quot;&quot;,&quot;sizes&quot;:[]},&quot;_transform_scale_effect_hover_mobile&quot;:{&quot;unit&quot;:&quot;px&quot;,&quot;size&quot;:&quot;&quot;,&quot;sizes&quot;:[]}}\" href=\"\/en\/archaeologisches-museum\/ausstellungen\/dauerausstellung\/\">\n\t\t\t\t<div class=\"elementor-element elementor-element-d50fe4d elementor-repeater-item-none elementor-repeater-item-none_hover elementor-widget elementor-widget-heading\" data-id=\"d50fe4d\" data-element_type=\"widget\" data-e-type=\"widget\" data-widget_type=\"heading.default\">\n\t\t\t\t<div class=\"elementor-widget-container\">\n\t\t\t\t\t<h4 class=\"elementor-heading-title elementor-size-default\">Archaeology &amp; city history<\/h4>\t\t\t\t<\/div>\n\t\t\t\t<\/div>\n\t\t\t\t<div class=\"elementor-element elementor-element-06d3b3c elementor-repeater-item-none elementor-repeater-item-none_hover elementor-widget elementor-widget-text-editor\" data-id=\"06d3b3c\" data-element_type=\"widget\" data-e-type=\"widget\" data-widget_type=\"text-editor.default\">\n\t\t\t\t<div class=\"elementor-widget-container\">\n\t\t\t\t\t\t\t\t\tPermanent exhibition\t\t\t\t\t\t\t\t<\/div>\n\t\t\t\t<\/div>\n\t\t\t\t<\/a>\n\t\t<a class=\"elementor-element elementor-element-2a9a1a4 e-con-full elementor-repeater-item-ang_container_padding_11 e-transform e-flex sk-none elementor-repeater-item-none elementor-repeater-item-none_hover elementor-invisible e-con e-child\" data-id=\"2a9a1a4\" data-element_type=\"container\" data-e-type=\"container\" data-settings=\"{&quot;background_background&quot;:&quot;classic&quot;,&quot;jet_parallax_layout_list&quot;:[],&quot;ang_container_spacing_size&quot;:&quot;ang_container_padding_11&quot;,&quot;_transform_scale_effect_hover&quot;:{&quot;unit&quot;:&quot;px&quot;,&quot;size&quot;:1.05,&quot;sizes&quot;:[]},&quot;animation&quot;:&quot;fadeIn&quot;,&quot;_transform_scale_effect_hover_tablet&quot;:{&quot;unit&quot;:&quot;px&quot;,&quot;size&quot;:&quot;&quot;,&quot;sizes&quot;:[]},&quot;_transform_scale_effect_hover_mobile&quot;:{&quot;unit&quot;:&quot;px&quot;,&quot;size&quot;:&quot;&quot;,&quot;sizes&quot;:[]}}\" href=\"\/en\/archaeologisches-museum\/ausstellungen\/sonderausstellung\/\">\n\t\t\t\t<div class=\"elementor-element elementor-element-170da4d elementor-repeater-item-none elementor-repeater-item-none_hover elementor-widget elementor-widget-heading\" data-id=\"170da4d\" data-element_type=\"widget\" data-e-type=\"widget\" data-widget_type=\"heading.default\">\n\t\t\t\t<div class=\"elementor-widget-container\">\n\t\t\t\t\t<h4 class=\"elementor-heading-title elementor-size-default\">WallArt: 50,000 years of color on the wall.\n<\/h4>\t\t\t\t<\/div>\n\t\t\t\t<\/div>\n\t\t\t\t<div class=\"elementor-element elementor-element-679c387 elementor-repeater-item-none elementor-repeater-item-none_hover elementor-widget elementor-widget-text-editor\" data-id=\"679c387\" data-element_type=\"widget\" data-e-type=\"widget\" data-widget_type=\"text-editor.default\">\n\t\t\t\t<div class=\"elementor-widget-container\">\n\t\t\t\t\t\t\t\t\tSpecial exhibition\t\t\t\t\t\t\t\t<\/div>\n\t\t\t\t<\/div>\n\t\t<div class=\"elementor-element elementor-element-7b47427 e-con-full e-flex elementor-repeater-item-default_padding sk-none elementor-repeater-item-none elementor-repeater-item-none_hover e-con e-child\" data-id=\"7b47427\" data-element_type=\"container\" data-e-type=\"container\" data-settings=\"{&quot;background_background&quot;:&quot;classic&quot;,&quot;position&quot;:&quot;absolute&quot;,&quot;jet_parallax_layout_list&quot;:[],&quot;ang_container_spacing_size&quot;:&quot;default_padding&quot;}\">\n\t\t\t\t<div class=\"elementor-element elementor-element-acc7192 elementor-repeater-item-none elementor-repeater-item-none_hover elementor-widget elementor-widget-text-editor\" data-id=\"acc7192\" data-element_type=\"widget\" data-e-type=\"widget\" data-widget_type=\"text-editor.default\">\n\t\t\t\t<div class=\"elementor-widget-container\">\n\t\t\t\t\t\t\t\t\tApril 1 - November 09, 2025\t\t\t\t\t\t\t\t<\/div>\n\t\t\t\t<\/div>\n\t\t\t\t<\/div>\n\t\t\t\t<\/a>\n\t\t\t\t<\/div>\n\t\t\t\t\t<\/div>\n\t\t\t\t<\/div>\n\t\t\t\t<\/div>","protected":false},"excerpt":{"rendered":"<p>Unsere Ausstellungen Arch\u00e4ologie &amp; Stadtgeschichte Dauerausstellung &#8222;Oba heit is\u00b4kalt &#8211; Sch\u00e4fflertanz Kelheim&#8220; Sonderausstellung 11. November 2025 \u2013 12. April 2026 Arch\u00e4ologie &amp; Stadtgeschichte Dauerausstellung WallArt: 50 000 Jahre Farbe an der Wand. Sonderausstellung1. April \u2013 09. November 2025<\/p>","protected":false},"author":17,"featured_media":53514,"parent":50217,"menu_order":0,"comment_status":"closed","ping_status":"closed","template":"","meta":{"iawp_total_views":186,"footnotes":""},"categories":[],"tags":[],"class_list":["post-51836","page","type-page","status-publish","has-post-thumbnail","hentry"],"yoast_head":"<!-- This site is optimized with the Yoast SEO plugin v26.9 - https:\/\/yoast.com\/product\/yoast-seo-wordpress\/ -->\n<title>Ausstellungen - Kelheim Tourismus<\/title>\n<meta name=\"robots\" content=\"index, follow, max-snippet:-1, max-image-preview:large, max-video-preview:-1\" \/>\n<link rel=\"canonical\" href=\"https:\/\/tourismus.kelheim.de\/en\/archaeologisches-museum\/ausstellungen\/\" \/>\n<meta property=\"og:locale\" content=\"en_US\" \/>\n<meta property=\"og:type\" content=\"article\" \/>\n<meta property=\"og:title\" content=\"Ausstellungen - Kelheim Tourismus\" \/>\n<meta property=\"og:description\" content=\"Unsere Ausstellungen Arch\u00e4ologie &amp; Stadtgeschichte Dauerausstellung &#8222;Oba heit is\u00b4kalt &#8211; Sch\u00e4fflertanz Kelheim&#8220; Sonderausstellung 11. November 2025 \u2013 12. April 2026 Arch\u00e4ologie &amp; Stadtgeschichte Dauerausstellung WallArt: 50 000 Jahre Farbe an der Wand. Sonderausstellung1. April \u2013 09. November 2025\" \/>\n<meta property=\"og:url\" content=\"https:\/\/tourismus.kelheim.de\/en\/archaeologisches-museum\/ausstellungen\/\" \/>\n<meta property=\"og:site_name\" content=\"Kelheim Tourismus\" \/>\n<meta property=\"article:modified_time\" content=\"2026-01-30T08:18:34+00:00\" \/>\n<meta property=\"og:image\" content=\"https:\/\/tourismus.kelheim.de\/wp-content\/uploads\/2025\/12\/Startseite.jpg\" \/>\n\t<meta property=\"og:image:width\" content=\"1748\" \/>\n\t<meta property=\"og:image:height\" content=\"1165\" \/>\n\t<meta property=\"og:image:type\" content=\"image\/jpeg\" \/>\n<meta name=\"twitter:card\" content=\"summary_large_image\" \/>\n<meta name=\"twitter:label1\" content=\"Est. reading time\" \/>\n\t<meta name=\"twitter:data1\" content=\"1 minute\" \/>\n<script type=\"application\/ld+json\" class=\"yoast-schema-graph\">{\"@context\":\"https:\/\/schema.org\",\"@graph\":[{\"@type\":\"WebPage\",\"@id\":\"https:\/\/tourismus.kelheim.de\/archaeologisches-museum\/ausstellungen\/\",\"url\":\"https:\/\/tourismus.kelheim.de\/archaeologisches-museum\/ausstellungen\/\",\"name\":\"Ausstellungen - Kelheim Tourismus\",\"isPartOf\":{\"@id\":\"https:\/\/tourismus.kelheim.de\/#website\"},\"primaryImageOfPage\":{\"@id\":\"https:\/\/tourismus.kelheim.de\/archaeologisches-museum\/ausstellungen\/#primaryimage\"},\"image\":{\"@id\":\"https:\/\/tourismus.kelheim.de\/archaeologisches-museum\/ausstellungen\/#primaryimage\"},\"thumbnailUrl\":\"https:\/\/tourismus.kelheim.de\/wp-content\/uploads\/2025\/12\/Startseite.jpg\",\"datePublished\":\"2025-09-10T13:00:08+00:00\",\"dateModified\":\"2026-01-30T08:18:34+00:00\",\"breadcrumb\":{\"@id\":\"https:\/\/tourismus.kelheim.de\/archaeologisches-museum\/ausstellungen\/#breadcrumb\"},\"inLanguage\":\"en-US\",\"potentialAction\":[{\"@type\":\"ReadAction\",\"target\":[\"https:\/\/tourismus.kelheim.de\/archaeologisches-museum\/ausstellungen\/\"]}]},{\"@type\":\"ImageObject\",\"inLanguage\":\"en-US\",\"@id\":\"https:\/\/tourismus.kelheim.de\/archaeologisches-museum\/ausstellungen\/#primaryimage\",\"url\":\"https:\/\/tourismus.kelheim.de\/wp-content\/uploads\/2025\/12\/Startseite.jpg\",\"contentUrl\":\"https:\/\/tourismus.kelheim.de\/wp-content\/uploads\/2025\/12\/Startseite.jpg\",\"width\":1748,\"height\":1165,\"caption\":\"Ostbayern, Kelheim, Arch\u00e4ologisches Museum der Stadt Kelheim, Museum, am bayerischen Donaulimes, Limes, r\u00f6mischer Grenzwall, Bodendenkmal, R\u00f6mermuseen am bayerischen Donaulimes, Museumsnetzwerk, Netzwerk, Kulturgeschichte, Geschichte, Kulturhistorie, Historie, Kultur, Bildung, Ausstellung, Ausstellungsst\u00fcck, Museumsst\u00fcck, Exponat, Fotograf Florian Trykowski\"},{\"@type\":\"BreadcrumbList\",\"@id\":\"https:\/\/tourismus.kelheim.de\/archaeologisches-museum\/ausstellungen\/#breadcrumb\",\"itemListElement\":[{\"@type\":\"ListItem\",\"position\":1,\"name\":\"Startseite\",\"item\":\"https:\/\/tourismus.kelheim.de\/\"},{\"@type\":\"ListItem\",\"position\":2,\"name\":\"Arch\u00e4ologisches Museum\",\"item\":\"https:\/\/tourismus.kelheim.de\/archaeologisches-museum\/\"},{\"@type\":\"ListItem\",\"position\":3,\"name\":\"Ausstellungen\"}]},{\"@type\":\"WebSite\",\"@id\":\"https:\/\/tourismus.kelheim.de\/#website\",\"url\":\"https:\/\/tourismus.kelheim.de\/\",\"name\":\"Kelheim Tourismus\",\"description\":\"Wir freuen uns \u00fcber Ihren Besuch auf unserer Website.\",\"publisher\":{\"@id\":\"https:\/\/tourismus.kelheim.de\/#organization\"},\"potentialAction\":[{\"@type\":\"SearchAction\",\"target\":{\"@type\":\"EntryPoint\",\"urlTemplate\":\"https:\/\/tourismus.kelheim.de\/?s={search_term_string}\"},\"query-input\":{\"@type\":\"PropertyValueSpecification\",\"valueRequired\":true,\"valueName\":\"search_term_string\"}}],\"inLanguage\":\"en-US\"},{\"@type\":\"Organization\",\"@id\":\"https:\/\/tourismus.kelheim.de\/#organization\",\"name\":\"Kelheim Tourismus\",\"url\":\"https:\/\/tourismus.kelheim.de\/\",\"logo\":{\"@type\":\"ImageObject\",\"inLanguage\":\"en-US\",\"@id\":\"https:\/\/tourismus.kelheim.de\/#\/schema\/logo\/image\/\",\"url\":\"\",\"contentUrl\":\"\",\"caption\":\"Kelheim Tourismus\"},\"image\":{\"@id\":\"https:\/\/tourismus.kelheim.de\/#\/schema\/logo\/image\/\"}}]}<\/script>\n<!-- \/ Yoast SEO plugin. -->","yoast_head_json":{"title":"Exhibitions - Kelheim Tourismus","robots":{"index":"index","follow":"follow","max-snippet":"max-snippet:-1","max-image-preview":"max-image-preview:large","max-video-preview":"max-video-preview:-1"},"canonical":"https:\/\/tourismus.kelheim.de\/en\/archaeologisches-museum\/ausstellungen\/","og_locale":"en_US","og_type":"article","og_title":"Ausstellungen - Kelheim Tourismus","og_description":"Unsere Ausstellungen Arch\u00e4ologie &amp; Stadtgeschichte Dauerausstellung &#8222;Oba heit is\u00b4kalt &#8211; Sch\u00e4fflertanz Kelheim&#8220; Sonderausstellung 11. November 2025 \u2013 12. April 2026 Arch\u00e4ologie &amp; Stadtgeschichte Dauerausstellung WallArt: 50 000 Jahre Farbe an der Wand. Sonderausstellung1. April \u2013 09. November 2025","og_url":"https:\/\/tourismus.kelheim.de\/en\/archaeologisches-museum\/ausstellungen\/","og_site_name":"Kelheim Tourismus","article_modified_time":"2026-01-30T08:18:34+00:00","og_image":[{"width":1748,"height":1165,"url":"https:\/\/tourismus.kelheim.de\/wp-content\/uploads\/2025\/12\/Startseite.jpg","type":"image\/jpeg"}],"twitter_card":"summary_large_image","twitter_misc":{"Est. reading time":"1 minute"},"schema":{"@context":"https:\/\/schema.org","@graph":[{"@type":"WebPage","@id":"https:\/\/tourismus.kelheim.de\/archaeologisches-museum\/ausstellungen\/","url":"https:\/\/tourismus.kelheim.de\/archaeologisches-museum\/ausstellungen\/","name":"Exhibitions - Kelheim Tourismus","isPartOf":{"@id":"https:\/\/tourismus.kelheim.de\/#website"},"primaryImageOfPage":{"@id":"https:\/\/tourismus.kelheim.de\/archaeologisches-museum\/ausstellungen\/#primaryimage"},"image":{"@id":"https:\/\/tourismus.kelheim.de\/archaeologisches-museum\/ausstellungen\/#primaryimage"},"thumbnailUrl":"https:\/\/tourismus.kelheim.de\/wp-content\/uploads\/2025\/12\/Startseite.jpg","datePublished":"2025-09-10T13:00:08+00:00","dateModified":"2026-01-30T08:18:34+00:00","breadcrumb":{"@id":"https:\/\/tourismus.kelheim.de\/archaeologisches-museum\/ausstellungen\/#breadcrumb"},"inLanguage":"en-US","potentialAction":[{"@type":"ReadAction","target":["https:\/\/tourismus.kelheim.de\/archaeologisches-museum\/ausstellungen\/"]}]},{"@type":"ImageObject","inLanguage":"en-US","@id":"https:\/\/tourismus.kelheim.de\/archaeologisches-museum\/ausstellungen\/#primaryimage","url":"https:\/\/tourismus.kelheim.de\/wp-content\/uploads\/2025\/12\/Startseite.jpg","contentUrl":"https:\/\/tourismus.kelheim.de\/wp-content\/uploads\/2025\/12\/Startseite.jpg","width":1748,"height":1165,"caption":"Ostbayern, Kelheim, Arch\u00e4ologisches Museum der Stadt Kelheim, Museum, am bayerischen Donaulimes, Limes, r\u00f6mischer Grenzwall, Bodendenkmal, R\u00f6mermuseen am bayerischen Donaulimes, Museumsnetzwerk, Netzwerk, Kulturgeschichte, Geschichte, Kulturhistorie, Historie, Kultur, Bildung, Ausstellung, Ausstellungsst\u00fcck, Museumsst\u00fcck, Exponat, Fotograf Florian Trykowski"},{"@type":"BreadcrumbList","@id":"https:\/\/tourismus.kelheim.de\/archaeologisches-museum\/ausstellungen\/#breadcrumb","itemListElement":[{"@type":"ListItem","position":1,"name":"Startseite","item":"https:\/\/tourismus.kelheim.de\/"},{"@type":"ListItem","position":2,"name":"Arch\u00e4ologisches Museum","item":"https:\/\/tourismus.kelheim.de\/archaeologisches-museum\/"},{"@type":"ListItem","position":3,"name":"Ausstellungen"}]},{"@type":"WebSite","@id":"https:\/\/tourismus.kelheim.de\/#website","url":"https:\/\/tourismus.kelheim.de\/","name":"Kelheim Tourism","description":"We look forward to your visit to our website.","publisher":{"@id":"https:\/\/tourismus.kelheim.de\/#organization"},"potentialAction":[{"@type":"SearchAction","target":{"@type":"EntryPoint","urlTemplate":"https:\/\/tourismus.kelheim.de\/?s={search_term_string}"},"query-input":{"@type":"PropertyValueSpecification","valueRequired":true,"valueName":"search_term_string"}}],"inLanguage":"en-US"},{"@type":"Organization","@id":"https:\/\/tourismus.kelheim.de\/#organization","name":"Kelheim Tourism","url":"https:\/\/tourismus.kelheim.de\/","logo":{"@type":"ImageObject","inLanguage":"en-US","@id":"https:\/\/tourismus.kelheim.de\/#\/schema\/logo\/image\/","url":"","contentUrl":"","caption":"Kelheim Tourismus"},"image":{"@id":"https:\/\/tourismus.kelheim.de\/#\/schema\/logo\/image\/"}}]}},"_links":{"self":[{"href":"https:\/\/tourismus.kelheim.de\/en\/wp-json\/wp\/v2\/pages\/51836","targetHints":{"allow":["GET"]}}],"collection":[{"href":"https:\/\/tourismus.kelheim.de\/en\/wp-json\/wp\/v2\/pages"}],"about":[{"href":"https:\/\/tourismus.kelheim.de\/en\/wp-json\/wp\/v2\/types\/page"}],"author":[{"embeddable":true,"href":"https:\/\/tourismus.kelheim.de\/en\/wp-json\/wp\/v2\/users\/17"}],"replies":[{"embeddable":true,"href":"https:\/\/tourismus.kelheim.de\/en\/wp-json\/wp\/v2\/comments?post=51836"}],"version-history":[{"count":10,"href":"https:\/\/tourismus.kelheim.de\/en\/wp-json\/wp\/v2\/pages\/51836\/revisions"}],"predecessor-version":[{"id":53811,"href":"https:\/\/tourismus.kelheim.de\/en\/wp-json\/wp\/v2\/pages\/51836\/revisions\/53811"}],"up":[{"embeddable":true,"href":"https:\/\/tourismus.kelheim.de\/en\/wp-json\/wp\/v2\/pages\/50217"}],"wp:featuredmedia":[{"embeddable":true,"href":"https:\/\/tourismus.kelheim.de\/en\/wp-json\/wp\/v2\/media\/53514"}],"wp:attachment":[{"href":"https:\/\/tourismus.kelheim.de\/en\/wp-json\/wp\/v2\/media?parent=51836"}],"wp:term":[{"taxonomy":"category","embeddable":true,"href":"https:\/\/tourismus.kelheim.de\/en\/wp-json\/wp\/v2\/categories?post=51836"},{"taxonomy":"post_tag","embeddable":true,"href":"https:\/\/tourismus.kelheim.de\/en\/wp-json\/wp\/v2\/tags?post=51836"}],"curies":[{"name":"wp","href":"https:\/\/api.w.org\/{rel}","templated":true}]}}