{"id":52402,"date":"2025-10-10T09:46:37","date_gmt":"2025-10-10T07:46:37","guid":{"rendered":"https:\/\/tourismus.kelheim.de\/?page_id=52402"},"modified":"2025-12-08T11:55:34","modified_gmt":"2025-12-08T10:55:34","slug":"sonderausstellung","status":"publish","type":"page","link":"https:\/\/tourismus.kelheim.de\/en\/archaeologisches-museum\/ausstellungen\/sonderausstellung\/","title":{"rendered":"Special exhibition"},"content":{"rendered":"<div data-elementor-type=\"wp-page\" data-elementor-id=\"52402\" class=\"elementor elementor-52402\" data-elementor-post-type=\"page\">\n\t\t\t\t<div class=\"elementor-element elementor-element-623bdc4 elementor-repeater-item-ang_container_padding_7 e-flex e-con-boxed sk-none elementor-repeater-item-none elementor-repeater-item-none_hover e-con e-parent\" data-id=\"623bdc4\" data-element_type=\"container\" data-e-type=\"container\" data-settings=\"{&quot;ang_container_spacing_size&quot;:&quot;ang_container_padding_7&quot;,&quot;background_background&quot;:&quot;classic&quot;,&quot;jet_parallax_layout_list&quot;:[]}\">\n\t\t\t\t\t<div class=\"e-con-inner\">\n\t\t\t\t<div class=\"elementor-element elementor-element-d4edbe5 elementor-widget__width-inherit elementor-repeater-item-none elementor-repeater-item-none_hover elementor-widget elementor-widget-heading\" data-id=\"d4edbe5\" data-element_type=\"widget\" data-e-type=\"widget\" data-widget_type=\"heading.default\">\n\t\t\t\t<div class=\"elementor-widget-container\">\n\t\t\t\t\t<h2 class=\"elementor-heading-title elementor-size-default\">\u201eOba heit is\u2018 kalt - Sch\u00e4fflertanz Kelheim\u201c \n<\/h2>\t\t\t\t<\/div>\n\t\t\t\t<\/div>\n\t\t\t\t<div class=\"elementor-element elementor-element-51d2980 elementor-repeater-item-none elementor-repeater-item-none_hover elementor-widget elementor-widget-text-editor\" data-id=\"51d2980\" data-element_type=\"widget\" data-e-type=\"widget\" data-widget_type=\"text-editor.default\">\n\t\t\t\t<div class=\"elementor-widget-container\">\n\t\t\t\t\t\t\t\t\t<p>Special exhibition, November 21, 2025 - April 12, 2026<\/p>\t\t\t\t\t\t\t\t<\/div>\n\t\t\t\t<\/div>\n\t\t<div class=\"elementor-element elementor-element-20d0663 e-con-full e-flex elementor-repeater-item-default_padding elementor-repeater-item-none elementor-repeater-item-none_hover e-con e-child\" data-id=\"20d0663\" data-element_type=\"container\" data-e-type=\"container\" data-settings=\"{&quot;jet_parallax_layout_list&quot;:[],&quot;ang_container_spacing_size&quot;:&quot;default_padding&quot;}\">\n\t\t\t\t<div class=\"elementor-element elementor-element-4784821 elementor-widget__width-initial elementor-widget-mobile__width-inherit external_elementor-repeater-item-none_external elementor-repeater-item-none elementor-repeater-item-none_hover elementor-widget elementor-widget-image\" data-id=\"4784821\" data-element_type=\"widget\" data-e-type=\"widget\" data-widget_type=\"image.default\">\n\t\t\t\t<div class=\"elementor-widget-container\">\n\t\t\t\t\t\t\t\t\t\t\t\t\t\t\t<img fetchpriority=\"high\" decoding=\"async\" width=\"675\" height=\"900\" src=\"https:\/\/tourismus.kelheim.de\/wp-content\/uploads\/2025\/12\/17782309_dscn1426.jpg\" class=\"attachment-large size-large wp-image-53426\" alt=\"\" srcset=\"https:\/\/tourismus.kelheim.de\/wp-content\/uploads\/2025\/12\/17782309_dscn1426.jpg 675w, https:\/\/tourismus.kelheim.de\/wp-content\/uploads\/2025\/12\/17782309_dscn1426-225x300.jpg 225w, https:\/\/tourismus.kelheim.de\/wp-content\/uploads\/2025\/12\/17782309_dscn1426-9x12.jpg 9w\" sizes=\"(max-width: 675px) 100vw, 675px\" \/>\t\t\t\t\t\t\t\t\t\t\t\t\t\t\t<\/div>\n\t\t\t\t<\/div>\n\t\t\t\t<div class=\"elementor-element elementor-element-299c409 elementor-widget__width-initial elementor-widget-mobile__width-inherit elementor-repeater-item-none elementor-repeater-item-none_hover elementor-widget elementor-widget-text-editor\" data-id=\"299c409\" data-element_type=\"widget\" data-e-type=\"widget\" data-widget_type=\"text-editor.default\">\n\t\t\t\t<div class=\"elementor-widget-container\">\n\t\t\t\t\t\t\t\t\t<p><strong>\u201eThe Sch\u00e4ffler are dancing again!\u201c<\/strong><\/p><p>This joyful news is announced at regular intervals of seven years. The performance of the Sch\u00e4ffler dance since its origin in 1517 has always been characterized by a cheerful and hopeful mood. The dance originated at a time when the plague epidemic was ravaging many people and they no longer dared to go out on the streets. The Sch\u00e4ffler - the barrel makers - would unexpectedly parade through the streets with cheerful music and spread an atmosphere of confidence among the residents.<\/p><p>In 2026, the Kelheim Sch\u00e4ffler will once again perform in the town and spread joy and confidence with their traditional dances. The Kelheim Archaeological Museum is dedicating a special exhibition to this occasion. The exhibition offers the opportunity to learn more about the history and culture of the Sch\u00e4ffler dance in general and more specifically about the Kelheim Sch\u00e4ffler dance as an important part of the town's life. As the Sch\u00e4fflers are barrel makers, visitors also gain an insight into the almost extinct craft of barrel making.<\/p>\t\t\t\t\t\t\t\t<\/div>\n\t\t\t\t<\/div>\n\t\t\t\t<\/div>\n\t\t\t\t\t<\/div>\n\t\t\t\t<\/div>\n\t\t\t\t<\/div>","protected":false},"excerpt":{"rendered":"<p>\u201eOba heit is\u2018 kalt \u2013 Sch\u00e4fflertanz Kelheim\u201c Sonderausstellung, 21. November 2025 \u2013 12. April 2026 \u201eDie Sch\u00e4ffler tanzen wieder!\u201c Diese freudige Nachricht wird in regelm\u00e4\u00dfigen Abst\u00e4nden von sieben Jahren verk\u00fcndet. Die Auff\u00fchrung des Sch\u00e4fflertanzes seit dessen Ursprung im Jahr 1517 ist stets von heiterer und hoffnungsvoller Stimmung gepr\u00e4gt. Der Tanz entstand in der Zeit, in [&hellip;]<\/p>","protected":false},"author":17,"featured_media":53426,"parent":51836,"menu_order":0,"comment_status":"closed","ping_status":"closed","template":"","meta":{"iawp_total_views":183,"footnotes":""},"categories":[],"tags":[],"class_list":["post-52402","page","type-page","status-publish","has-post-thumbnail","hentry"],"yoast_head":"<!-- This site is optimized with the Yoast SEO plugin v26.9 - https:\/\/yoast.com\/product\/yoast-seo-wordpress\/ -->\n<title>Sonderausstellung - Kelheim Tourismus<\/title>\n<meta name=\"robots\" content=\"index, follow, max-snippet:-1, max-image-preview:large, max-video-preview:-1\" \/>\n<link rel=\"canonical\" href=\"https:\/\/tourismus.kelheim.de\/en\/archaeologisches-museum\/ausstellungen\/sonderausstellung\/\" \/>\n<meta property=\"og:locale\" content=\"en_US\" \/>\n<meta property=\"og:type\" content=\"article\" \/>\n<meta property=\"og:title\" content=\"Sonderausstellung - Kelheim Tourismus\" \/>\n<meta property=\"og:description\" content=\"\u201eOba heit is\u2018 kalt \u2013 Sch\u00e4fflertanz Kelheim\u201c Sonderausstellung, 21. November 2025 \u2013 12. April 2026 \u201eDie Sch\u00e4ffler tanzen wieder!\u201c Diese freudige Nachricht wird in regelm\u00e4\u00dfigen Abst\u00e4nden von sieben Jahren verk\u00fcndet. Die Auff\u00fchrung des Sch\u00e4fflertanzes seit dessen Ursprung im Jahr 1517 ist stets von heiterer und hoffnungsvoller Stimmung gepr\u00e4gt. Der Tanz entstand in der Zeit, in [&hellip;]\" \/>\n<meta property=\"og:url\" content=\"https:\/\/tourismus.kelheim.de\/en\/archaeologisches-museum\/ausstellungen\/sonderausstellung\/\" \/>\n<meta property=\"og:site_name\" content=\"Kelheim Tourismus\" \/>\n<meta property=\"article:modified_time\" content=\"2025-12-08T10:55:34+00:00\" \/>\n<meta property=\"og:image\" content=\"https:\/\/tourismus.kelheim.de\/wp-content\/uploads\/2025\/12\/17782309_dscn1426.jpg\" \/>\n\t<meta property=\"og:image:width\" content=\"675\" \/>\n\t<meta property=\"og:image:height\" content=\"900\" \/>\n\t<meta property=\"og:image:type\" content=\"image\/jpeg\" \/>\n<meta name=\"twitter:card\" content=\"summary_large_image\" \/>\n<meta name=\"twitter:label1\" content=\"Est. reading time\" \/>\n\t<meta name=\"twitter:data1\" content=\"2 minutes\" \/>\n<script type=\"application\/ld+json\" class=\"yoast-schema-graph\">{\"@context\":\"https:\/\/schema.org\",\"@graph\":[{\"@type\":\"WebPage\",\"@id\":\"https:\/\/tourismus.kelheim.de\/archaeologisches-museum\/ausstellungen\/sonderausstellung\/\",\"url\":\"https:\/\/tourismus.kelheim.de\/archaeologisches-museum\/ausstellungen\/sonderausstellung\/\",\"name\":\"Sonderausstellung - Kelheim Tourismus\",\"isPartOf\":{\"@id\":\"https:\/\/tourismus.kelheim.de\/#website\"},\"primaryImageOfPage\":{\"@id\":\"https:\/\/tourismus.kelheim.de\/archaeologisches-museum\/ausstellungen\/sonderausstellung\/#primaryimage\"},\"image\":{\"@id\":\"https:\/\/tourismus.kelheim.de\/archaeologisches-museum\/ausstellungen\/sonderausstellung\/#primaryimage\"},\"thumbnailUrl\":\"https:\/\/tourismus.kelheim.de\/wp-content\/uploads\/2025\/12\/17782309_dscn1426.jpg\",\"datePublished\":\"2025-10-10T07:46:37+00:00\",\"dateModified\":\"2025-12-08T10:55:34+00:00\",\"breadcrumb\":{\"@id\":\"https:\/\/tourismus.kelheim.de\/archaeologisches-museum\/ausstellungen\/sonderausstellung\/#breadcrumb\"},\"inLanguage\":\"en-US\",\"potentialAction\":[{\"@type\":\"ReadAction\",\"target\":[\"https:\/\/tourismus.kelheim.de\/archaeologisches-museum\/ausstellungen\/sonderausstellung\/\"]}]},{\"@type\":\"ImageObject\",\"inLanguage\":\"en-US\",\"@id\":\"https:\/\/tourismus.kelheim.de\/archaeologisches-museum\/ausstellungen\/sonderausstellung\/#primaryimage\",\"url\":\"https:\/\/tourismus.kelheim.de\/wp-content\/uploads\/2025\/12\/17782309_dscn1426.jpg\",\"contentUrl\":\"https:\/\/tourismus.kelheim.de\/wp-content\/uploads\/2025\/12\/17782309_dscn1426.jpg\",\"width\":675,\"height\":900},{\"@type\":\"BreadcrumbList\",\"@id\":\"https:\/\/tourismus.kelheim.de\/archaeologisches-museum\/ausstellungen\/sonderausstellung\/#breadcrumb\",\"itemListElement\":[{\"@type\":\"ListItem\",\"position\":1,\"name\":\"Startseite\",\"item\":\"https:\/\/tourismus.kelheim.de\/\"},{\"@type\":\"ListItem\",\"position\":2,\"name\":\"Arch\u00e4ologisches Museum\",\"item\":\"https:\/\/tourismus.kelheim.de\/archaeologisches-museum\/\"},{\"@type\":\"ListItem\",\"position\":3,\"name\":\"Ausstellungen\",\"item\":\"https:\/\/tourismus.kelheim.de\/archaeologisches-museum\/ausstellungen\/\"},{\"@type\":\"ListItem\",\"position\":4,\"name\":\"Sonderausstellung\"}]},{\"@type\":\"WebSite\",\"@id\":\"https:\/\/tourismus.kelheim.de\/#website\",\"url\":\"https:\/\/tourismus.kelheim.de\/\",\"name\":\"Kelheim Tourismus\",\"description\":\"Wir freuen uns \u00fcber Ihren Besuch auf unserer Website.\",\"publisher\":{\"@id\":\"https:\/\/tourismus.kelheim.de\/#organization\"},\"potentialAction\":[{\"@type\":\"SearchAction\",\"target\":{\"@type\":\"EntryPoint\",\"urlTemplate\":\"https:\/\/tourismus.kelheim.de\/?s={search_term_string}\"},\"query-input\":{\"@type\":\"PropertyValueSpecification\",\"valueRequired\":true,\"valueName\":\"search_term_string\"}}],\"inLanguage\":\"en-US\"},{\"@type\":\"Organization\",\"@id\":\"https:\/\/tourismus.kelheim.de\/#organization\",\"name\":\"Kelheim Tourismus\",\"url\":\"https:\/\/tourismus.kelheim.de\/\",\"logo\":{\"@type\":\"ImageObject\",\"inLanguage\":\"en-US\",\"@id\":\"https:\/\/tourismus.kelheim.de\/#\/schema\/logo\/image\/\",\"url\":\"\",\"contentUrl\":\"\",\"caption\":\"Kelheim Tourismus\"},\"image\":{\"@id\":\"https:\/\/tourismus.kelheim.de\/#\/schema\/logo\/image\/\"}}]}<\/script>\n<!-- \/ Yoast SEO plugin. -->","yoast_head_json":{"title":"Special exhibition - Kelheim Tourismus","robots":{"index":"index","follow":"follow","max-snippet":"max-snippet:-1","max-image-preview":"max-image-preview:large","max-video-preview":"max-video-preview:-1"},"canonical":"https:\/\/tourismus.kelheim.de\/en\/archaeologisches-museum\/ausstellungen\/sonderausstellung\/","og_locale":"en_US","og_type":"article","og_title":"Sonderausstellung - Kelheim Tourismus","og_description":"\u201eOba heit is\u2018 kalt \u2013 Sch\u00e4fflertanz Kelheim\u201c Sonderausstellung, 21. November 2025 \u2013 12. April 2026 \u201eDie Sch\u00e4ffler tanzen wieder!\u201c Diese freudige Nachricht wird in regelm\u00e4\u00dfigen Abst\u00e4nden von sieben Jahren verk\u00fcndet. Die Auff\u00fchrung des Sch\u00e4fflertanzes seit dessen Ursprung im Jahr 1517 ist stets von heiterer und hoffnungsvoller Stimmung gepr\u00e4gt. Der Tanz entstand in der Zeit, in [&hellip;]","og_url":"https:\/\/tourismus.kelheim.de\/en\/archaeologisches-museum\/ausstellungen\/sonderausstellung\/","og_site_name":"Kelheim Tourismus","article_modified_time":"2025-12-08T10:55:34+00:00","og_image":[{"width":675,"height":900,"url":"https:\/\/tourismus.kelheim.de\/wp-content\/uploads\/2025\/12\/17782309_dscn1426.jpg","type":"image\/jpeg"}],"twitter_card":"summary_large_image","twitter_misc":{"Est. reading time":"2 minutes"},"schema":{"@context":"https:\/\/schema.org","@graph":[{"@type":"WebPage","@id":"https:\/\/tourismus.kelheim.de\/archaeologisches-museum\/ausstellungen\/sonderausstellung\/","url":"https:\/\/tourismus.kelheim.de\/archaeologisches-museum\/ausstellungen\/sonderausstellung\/","name":"Special exhibition - Kelheim Tourismus","isPartOf":{"@id":"https:\/\/tourismus.kelheim.de\/#website"},"primaryImageOfPage":{"@id":"https:\/\/tourismus.kelheim.de\/archaeologisches-museum\/ausstellungen\/sonderausstellung\/#primaryimage"},"image":{"@id":"https:\/\/tourismus.kelheim.de\/archaeologisches-museum\/ausstellungen\/sonderausstellung\/#primaryimage"},"thumbnailUrl":"https:\/\/tourismus.kelheim.de\/wp-content\/uploads\/2025\/12\/17782309_dscn1426.jpg","datePublished":"2025-10-10T07:46:37+00:00","dateModified":"2025-12-08T10:55:34+00:00","breadcrumb":{"@id":"https:\/\/tourismus.kelheim.de\/archaeologisches-museum\/ausstellungen\/sonderausstellung\/#breadcrumb"},"inLanguage":"en-US","potentialAction":[{"@type":"ReadAction","target":["https:\/\/tourismus.kelheim.de\/archaeologisches-museum\/ausstellungen\/sonderausstellung\/"]}]},{"@type":"ImageObject","inLanguage":"en-US","@id":"https:\/\/tourismus.kelheim.de\/archaeologisches-museum\/ausstellungen\/sonderausstellung\/#primaryimage","url":"https:\/\/tourismus.kelheim.de\/wp-content\/uploads\/2025\/12\/17782309_dscn1426.jpg","contentUrl":"https:\/\/tourismus.kelheim.de\/wp-content\/uploads\/2025\/12\/17782309_dscn1426.jpg","width":675,"height":900},{"@type":"BreadcrumbList","@id":"https:\/\/tourismus.kelheim.de\/archaeologisches-museum\/ausstellungen\/sonderausstellung\/#breadcrumb","itemListElement":[{"@type":"ListItem","position":1,"name":"Startseite","item":"https:\/\/tourismus.kelheim.de\/"},{"@type":"ListItem","position":2,"name":"Arch\u00e4ologisches Museum","item":"https:\/\/tourismus.kelheim.de\/archaeologisches-museum\/"},{"@type":"ListItem","position":3,"name":"Ausstellungen","item":"https:\/\/tourismus.kelheim.de\/archaeologisches-museum\/ausstellungen\/"},{"@type":"ListItem","position":4,"name":"Sonderausstellung"}]},{"@type":"WebSite","@id":"https:\/\/tourismus.kelheim.de\/#website","url":"https:\/\/tourismus.kelheim.de\/","name":"Kelheim Tourism","description":"We look forward to your visit to our website.","publisher":{"@id":"https:\/\/tourismus.kelheim.de\/#organization"},"potentialAction":[{"@type":"SearchAction","target":{"@type":"EntryPoint","urlTemplate":"https:\/\/tourismus.kelheim.de\/?s={search_term_string}"},"query-input":{"@type":"PropertyValueSpecification","valueRequired":true,"valueName":"search_term_string"}}],"inLanguage":"en-US"},{"@type":"Organization","@id":"https:\/\/tourismus.kelheim.de\/#organization","name":"Kelheim Tourism","url":"https:\/\/tourismus.kelheim.de\/","logo":{"@type":"ImageObject","inLanguage":"en-US","@id":"https:\/\/tourismus.kelheim.de\/#\/schema\/logo\/image\/","url":"","contentUrl":"","caption":"Kelheim Tourismus"},"image":{"@id":"https:\/\/tourismus.kelheim.de\/#\/schema\/logo\/image\/"}}]}},"_links":{"self":[{"href":"https:\/\/tourismus.kelheim.de\/en\/wp-json\/wp\/v2\/pages\/52402","targetHints":{"allow":["GET"]}}],"collection":[{"href":"https:\/\/tourismus.kelheim.de\/en\/wp-json\/wp\/v2\/pages"}],"about":[{"href":"https:\/\/tourismus.kelheim.de\/en\/wp-json\/wp\/v2\/types\/page"}],"author":[{"embeddable":true,"href":"https:\/\/tourismus.kelheim.de\/en\/wp-json\/wp\/v2\/users\/17"}],"replies":[{"embeddable":true,"href":"https:\/\/tourismus.kelheim.de\/en\/wp-json\/wp\/v2\/comments?post=52402"}],"version-history":[{"count":7,"href":"https:\/\/tourismus.kelheim.de\/en\/wp-json\/wp\/v2\/pages\/52402\/revisions"}],"predecessor-version":[{"id":53429,"href":"https:\/\/tourismus.kelheim.de\/en\/wp-json\/wp\/v2\/pages\/52402\/revisions\/53429"}],"up":[{"embeddable":true,"href":"https:\/\/tourismus.kelheim.de\/en\/wp-json\/wp\/v2\/pages\/51836"}],"wp:featuredmedia":[{"embeddable":true,"href":"https:\/\/tourismus.kelheim.de\/en\/wp-json\/wp\/v2\/media\/53426"}],"wp:attachment":[{"href":"https:\/\/tourismus.kelheim.de\/en\/wp-json\/wp\/v2\/media?parent=52402"}],"wp:term":[{"taxonomy":"category","embeddable":true,"href":"https:\/\/tourismus.kelheim.de\/en\/wp-json\/wp\/v2\/categories?post=52402"},{"taxonomy":"post_tag","embeddable":true,"href":"https:\/\/tourismus.kelheim.de\/en\/wp-json\/wp\/v2\/tags?post=52402"}],"curies":[{"name":"wp","href":"https:\/\/api.w.org\/{rel}","templated":true}]}}